{"id":28,"date":"2020-06-16T13:03:49","date_gmt":"2020-06-16T13:03:49","guid":{"rendered":"https:\/\/40anos.inesc.pt\/?page_id=28"},"modified":"2020-10-16T09:59:14","modified_gmt":"2020-10-16T09:59:14","slug":"evento-lisboa","status":"publish","type":"page","link":"https:\/\/40anos.inesc.pt\/?page_id=28","title":{"rendered":""},"content":{"rendered":"\n<p class=\"has-black-color has-text-color\">Lisboa acolheu a segunda sess\u00e3o comemorativa <strong>\u201c40 anos de Ci\u00eancia e Conhecimento: a capacidade de cria\u00e7\u00e3o de novas empresas de base tecnol\u00f3gica\u201d<\/strong>.<\/p>\n\n\n\n<p class=\"has-black-color has-text-color\">Esta sess\u00e3o decorreu no passado dia <strong>8 de outubro<\/strong>, com os oradores presentes em palco e os participantes a assistir online via Webinar do Zoom. A segunda sess\u00e3o contou com o apoio da\u00a0Funda\u00e7\u00e3o Calouste Gulbenkian.<\/p>\n\n\n\n<p class=\"has-black-color has-text-color\">Veja as fotos do evento\u00a0<a href=\"https:\/\/40anos.inesc.pt\/?page_id=521\"><strong>aqui<\/strong><\/a>.<\/p>\n\n\n\n<p class=\"has-accent-color has-text-color\"><br><strong>Programa<\/strong><\/p>\n\n\n\n<p><strong>17:00 Abertura<\/strong><\/p>\n\n\n\n<p class=\"has-black-color has-text-color\">Leonel Sousa (INESC Lisboa\/IST)<br><\/p>\n\n\n\n<p><strong>17:10 Keynote Speech<\/strong><\/p>\n\n\n\n<p class=\"has-black-color has-text-color\">Carlos Moedas (Funda\u00e7\u00e3o Calouste Gulbenkian)<\/p>\n\n\n\n<p><\/p>\n\n\n\n<p><strong>17:30 Painel: A primeira vaga: redes e servi\u00e7os<\/strong><\/p>\n\n\n\n<p class=\"has-black-color has-text-color\">Jos\u00e9 Alves Marques (LINK\/IST)<\/p>\n\n\n\n<p class=\"has-black-color has-text-color\">Jo\u00e3o Nuno Bento (Novabase)<\/p>\n\n\n\n<p class=\"has-black-color has-text-color\">Pedro Ramalho Carlos (Shilling Founders Fund)<\/p>\n\n\n\n<p class=\"has-black-color has-text-color\">Lu\u00eds Alveirinho (Altice)<\/p>\n\n\n\n<p class=\"has-black-color has-text-color\">Modera\u00e7\u00e3o: Isabel Trancoso (INESC-ID\/IST) <\/p>\n\n\n\n<p><br><strong>18:15 Painel 2:&nbsp;&nbsp;A segunda vaga: software e intelig\u00eancia artificial<\/strong><\/p>\n\n\n\n<p class=\"has-black-color has-text-color\">Vasco Pedro (Unbabel)<\/p>\n\n\n\n<p class=\"has-black-color has-text-color\">Ana Teresa Freitas (HeartGenetics)<\/p>\n\n\n\n<p class=\"has-black-color has-text-color\">Jaime Jorge (Codacy)<\/p>\n\n\n\n<p class=\"has-black-color has-text-color\">Jo\u00e3o Paulo Neto (Voice Interaction)<\/p>\n\n\n\n<p class=\"has-black-color has-text-color\">Modera\u00e7\u00e3o: Joaquim S\u00e9rvulo Rodrigues (Armilar)<\/p>\n\n\n\n<p><br><strong>19:00 Quatro d\u00e9cadas a criar valor&nbsp;<\/strong><\/p>\n\n\n\n<p class=\"has-black-color has-text-color\">Arlindo Oliveira (INESC\/IST)<br><\/p>\n\n\n\n<p><strong>19:10 Encerramento<\/strong><\/p>\n\n\n\n<p class=\"has-black-color has-text-color\">Jos\u00e9 Tribolet (INESC)<br><\/p>\n\n\n\n<p><strong>19:15 Encerramento&nbsp;<\/strong><\/p>\n\n\n\n<p class=\"has-black-color has-text-color\">Ant\u00f3nio Costa (Primeiro-Ministro)&nbsp;<em>A confirmar<\/em><\/p>\n\n\n\n<p><\/p>\n\n\n\n<p class=\"has-accent-color has-text-color\"><strong>Oradores convidados<\/strong><\/p>\n\n\n\n<figure class=\"wp-block-image size-large\"><img loading=\"lazy\" decoding=\"async\" width=\"191\" height=\"191\" src=\"https:\/\/40anos.inesc.pt\/wp-content\/uploads\/2020\/06\/Evento-INESC-40-anos_Fotos-09.jpg\" alt=\"\" class=\"wp-image-134\" srcset=\"https:\/\/40anos.inesc.pt\/wp-content\/uploads\/2020\/06\/Evento-INESC-40-anos_Fotos-09.jpg 191w, https:\/\/40anos.inesc.pt\/wp-content\/uploads\/2020\/06\/Evento-INESC-40-anos_Fotos-09-150x150.jpg 150w\" sizes=\"auto, (max-width: 191px) 100vw, 191px\" \/><\/figure>\n\n\n\n<p><strong>Carlos Moedas<\/strong><\/p>\n\n\n\n<p class=\"has-accent-color has-text-color\">Carlos Moedas \u00e9, desde 2020, administrador da Funda\u00e7\u00e3o Calouste Gulbenkian. Graduou-se em Engenharia Civil pelo Instituto Superior T\u00e9cnico e tem um MBA da Harvard Business School. Trabalhou na Goldman Sachs e no Deutsch Bank, entre outras empresas, e foi Secret\u00e1rio de Estado Adjunto do Primeiro-Ministro no XIX Governo Constitucional entre 2011 e 2014. Entre 2014 e 2020 foi Comiss\u00e1rio Europeu, com a pasta da Investiga\u00e7\u00e3o, Ci\u00eancia e Inova\u00e7\u00e3o.<\/p>\n\n\n\n<figure class=\"wp-block-image size-large\"><img loading=\"lazy\" decoding=\"async\" width=\"191\" height=\"191\" src=\"https:\/\/40anos.inesc.pt\/wp-content\/uploads\/2020\/06\/Evento-INESC-40-anos_Fotos-16.jpg\" alt=\"\" class=\"wp-image-135\" srcset=\"https:\/\/40anos.inesc.pt\/wp-content\/uploads\/2020\/06\/Evento-INESC-40-anos_Fotos-16.jpg 191w, https:\/\/40anos.inesc.pt\/wp-content\/uploads\/2020\/06\/Evento-INESC-40-anos_Fotos-16-150x150.jpg 150w\" sizes=\"auto, (max-width: 191px) 100vw, 191px\" \/><\/figure>\n\n\n\n<p><strong>Jos\u00e9 Alves Marques<\/strong><\/p>\n\n\n\n<p class=\"has-accent-color has-text-color\">Jos\u00e9 Alves Marques \u00e9 Presidente da Link Consulting e Professor Catedr\u00e1tico do Departamento de Engenharia de Inform\u00e1tica do IST, de que \u00e9 docente desde 1981. Foi um dos criadores da Licenciatura de Engenharia Inform\u00e1tica e Computadores e fundador do Departamento de Engenharia Inform\u00e1tica, de que foi o primeiro presidente. Tem v\u00e1rios livros publicados, nomeadamente sobre Sistemas Operativos e Sistemas Distribu\u00eddos.<\/p>\n\n\n\n<figure class=\"wp-block-image size-large\"><img loading=\"lazy\" decoding=\"async\" width=\"191\" height=\"191\" src=\"https:\/\/40anos.inesc.pt\/wp-content\/uploads\/2020\/06\/Evento-INESC-40-anos_Fotos-14.jpg\" alt=\"\" class=\"wp-image-136\" srcset=\"https:\/\/40anos.inesc.pt\/wp-content\/uploads\/2020\/06\/Evento-INESC-40-anos_Fotos-14.jpg 191w, https:\/\/40anos.inesc.pt\/wp-content\/uploads\/2020\/06\/Evento-INESC-40-anos_Fotos-14-150x150.jpg 150w\" sizes=\"auto, (max-width: 191px) 100vw, 191px\" \/><\/figure>\n\n\n\n<p><strong>Jo\u00e3o Nuno Bento&nbsp;<\/strong><\/p>\n\n\n\n<p class=\"has-accent-color has-text-color\">Jo\u00e3o Nuno Bento \u00e9 presidente da Comiss\u00e3o Executiva (CEO) da Novabase desde 2018, tendo ocupado diversos cargos nesta empresa desde 1994. Durante a sua carreira profissional, fundou v\u00e1rias empresas e desempenhou fun\u00e7\u00f5es de lideran\u00e7a e gest\u00e3o em diversos neg\u00f3cios de cariz tecnol\u00f3gico. \u00c9 licenciado em Engenharia Eletrot\u00e9cnica no Instituto Superior T\u00e9cnico, tem um MBA da Universidade Cat\u00f3lica Portuguesa e concluiu um Advanced Management Program da Universidade Cat\u00f3lica\/&nbsp;Northwestern University \u2013 Kellog School of Management.<\/p>\n\n\n\n<figure class=\"wp-block-image size-large\"><img loading=\"lazy\" decoding=\"async\" width=\"191\" height=\"191\" src=\"https:\/\/40anos.inesc.pt\/wp-content\/uploads\/2020\/06\/Evento-INESC-40-anos_Pedro-Ramalho-Carlos-1.png\" alt=\"\" class=\"wp-image-447\" srcset=\"https:\/\/40anos.inesc.pt\/wp-content\/uploads\/2020\/06\/Evento-INESC-40-anos_Pedro-Ramalho-Carlos-1.png 191w, https:\/\/40anos.inesc.pt\/wp-content\/uploads\/2020\/06\/Evento-INESC-40-anos_Pedro-Ramalho-Carlos-1-150x150.png 150w\" sizes=\"auto, (max-width: 191px) 100vw, 191px\" \/><\/figure>\n\n\n\n<p><strong>Pedro Ramalho Carlos<\/strong><\/p>\n\n\n\n<p class=\"has-accent-color has-text-color\">Pedro Ramalho Carlos \u00e9 formado em engenharia pelo IST e iniciou a sua carreira profissional no INESC onde foi respons\u00e1vel por projetos no Centro de Comunica\u00e7\u00f5es em Ambientes Empresariais. Fundou, com colegas do INESC e IST, a IP Global, um dos primeiros fornecedores comerciais de acesso \u00e0 Internet em Portugal, tendo liderado a empresa at\u00e9 \u00e0 sua aquisi\u00e7\u00e3o pelo grupo SONAE em 1999. Nos 11 anos em que teve cargos executivos na Sonae foi COO da Novis e do Clix, e administrador da Optimus e da Sonaecom. Desde 2010 dedica-se a projetos pr\u00f3prios como promotor, investidor e \u201cbusiness angel\u201d. Desde 2017 \u00e9 Partner na Shilling Capital Partners, um dos mais activos grupos de venture capital portugu\u00eas focado em \u201cstartups\u201d atrav\u00e9s do Shilling Founders Fund.<\/p>\n\n\n\n<figure class=\"wp-block-image size-large\"><img loading=\"lazy\" decoding=\"async\" width=\"191\" height=\"191\" src=\"https:\/\/40anos.inesc.pt\/wp-content\/uploads\/2020\/06\/Evento-INESC-40-anos_Fotos-17.jpg\" alt=\"\" class=\"wp-image-137\" srcset=\"https:\/\/40anos.inesc.pt\/wp-content\/uploads\/2020\/06\/Evento-INESC-40-anos_Fotos-17.jpg 191w, https:\/\/40anos.inesc.pt\/wp-content\/uploads\/2020\/06\/Evento-INESC-40-anos_Fotos-17-150x150.jpg 150w\" sizes=\"auto, (max-width: 191px) 100vw, 191px\" \/><\/figure>\n\n\n\n<p><strong>Lu\u00eds Alveirinho<\/strong><\/p>\n\n\n\n<p class=\"has-accent-color has-text-color\">Luis Alveirinho \u00e9 CTO da Altice Portugal desde Dezembro de 2017. Ap\u00f3s ter ingressado nos CTT\/TLP em 1983, exerceu diversas fun\u00e7\u00f5es de coordena\u00e7\u00e3o e dire\u00e7\u00e3o na Portugal Telecom nas \u00e1reas de engenharia, planeamento e desenvolvimento de redes, sistemas de informa\u00e7\u00e3o e plataformas de servi\u00e7os. Foi diretor de engenharia e implementa\u00e7\u00e3o de redes na Oi Brasil entre 2011 e 2013 e, desde Junho de 2015, diretor de engenharia e opera\u00e7\u00f5es na Altice Portugal, tendo o seu trabalho de lideran\u00e7a e inova\u00e7\u00e3o sido reconhecido com diversos pr\u00e9mios. Luis Alveirinho \u00e9 licenciado em Engenharia Electrot\u00e9cnica pelo IST e det\u00e9m um mestrado em Telecomunica\u00e7\u00f5es e Computadores, tamb\u00e9m pelo IST.<\/p>\n\n\n\n<figure class=\"wp-block-image size-large\"><img loading=\"lazy\" decoding=\"async\" width=\"191\" height=\"191\" src=\"https:\/\/40anos.inesc.pt\/wp-content\/uploads\/2020\/06\/Evento-INESC-40-anos_Fotos-11.jpg\" alt=\"\" class=\"wp-image-138\" srcset=\"https:\/\/40anos.inesc.pt\/wp-content\/uploads\/2020\/06\/Evento-INESC-40-anos_Fotos-11.jpg 191w, https:\/\/40anos.inesc.pt\/wp-content\/uploads\/2020\/06\/Evento-INESC-40-anos_Fotos-11-150x150.jpg 150w\" sizes=\"auto, (max-width: 191px) 100vw, 191px\" \/><\/figure>\n\n\n\n<p><strong>Isabel Trancoso<\/strong><\/p>\n\n\n\n<p class=\"has-accent-color has-text-color\">Isabel Trancoso \u00e9 doutorada em Engenharia Electrot\u00e9cnica e de Computadores pelo Instituto Superior T\u00e9cnico, Universidade T\u00e9cnica de Lisboa, onde \u00e9 atualmente Professora Catedr\u00e1tica. \u00c9 Presidente do Conselho Cient\u00edfico do INESC-ID Lisboa, Fellow do IEEE e foi tamb\u00e9m Presidente da International Speech Communication Association (ISCA).<\/p>\n\n\n\n<figure class=\"wp-block-image size-large\"><img loading=\"lazy\" decoding=\"async\" width=\"191\" height=\"191\" src=\"https:\/\/40anos.inesc.pt\/wp-content\/uploads\/2020\/06\/Evento-INESC-40-anos_Fotos-10.jpg\" alt=\"\" class=\"wp-image-139\" srcset=\"https:\/\/40anos.inesc.pt\/wp-content\/uploads\/2020\/06\/Evento-INESC-40-anos_Fotos-10.jpg 191w, https:\/\/40anos.inesc.pt\/wp-content\/uploads\/2020\/06\/Evento-INESC-40-anos_Fotos-10-150x150.jpg 150w\" sizes=\"auto, (max-width: 191px) 100vw, 191px\" \/><\/figure>\n\n\n\n<p><strong>Vasco Pedro<\/strong><\/p>\n\n\n\n<p class=\"has-accent-color has-text-color\">Vasco Pedro \u00e9 co-fundador e CEO da empresa Unbabel, desde 2013. Foi mentor da associa\u00e7\u00e3o BETA-i e do The Founder Institute. Foi co-fundador da Dezine.com e da Bueda. Graduou-se pela Universidade de Lisboa e tem um doutoramento pela Universidade de Carnegie Mellon (CMU). Foi investigador convidado da CMU e Professor Auxiliar Convidado no Instituto Superior T\u00e9cnico.<\/p>\n\n\n\n<figure class=\"wp-block-image size-large\"><img loading=\"lazy\" decoding=\"async\" width=\"191\" height=\"191\" src=\"https:\/\/40anos.inesc.pt\/wp-content\/uploads\/2020\/07\/Evento-INESC-40-anos_Fotos-Ana-Teresa-Freitas.jpg\" alt=\"\" class=\"wp-image-652\" srcset=\"https:\/\/40anos.inesc.pt\/wp-content\/uploads\/2020\/07\/Evento-INESC-40-anos_Fotos-Ana-Teresa-Freitas.jpg 191w, https:\/\/40anos.inesc.pt\/wp-content\/uploads\/2020\/07\/Evento-INESC-40-anos_Fotos-Ana-Teresa-Freitas-150x150.jpg 150w\" sizes=\"auto, (max-width: 191px) 100vw, 191px\" \/><\/figure>\n\n\n\n<p><strong>Ana Teresa Freitas<\/strong><\/p>\n\n\n\n<p class=\"has-accent-color has-text-color\">Ana Teresa Freitas \u00e9 fundadora e CEO da HeartGenetics S.A., uma empresa que aplica intelig\u00eancia artificial \u00e0 an\u00e1lise de dados gen\u00e9ticos para extrair informa\u00e7\u00e3o relevante para a gest\u00e3o da sa\u00fade, exerc\u00edcio f\u00edsico e comportamento. Tem licenciatura, mestrado e doutoramento em Engenharia Electrot\u00e9cnica e de Computadores pelo Instituto Superior T\u00e9cnico. \u00c9 professora catedr\u00e1tica do Dep. de Eng. Inform\u00e1tica do IST e investigadora senior do INESC-ID, onde liderou o grupo de bioinform\u00e1tica (KDBIO), entre 2002 e 2014.<\/p>\n\n\n\n<figure class=\"wp-block-image size-large\"><img loading=\"lazy\" decoding=\"async\" width=\"191\" height=\"191\" src=\"https:\/\/40anos.inesc.pt\/wp-content\/uploads\/2020\/06\/Evento-INESC-40-anos_Fotos-12.jpg\" alt=\"\" class=\"wp-image-141\" srcset=\"https:\/\/40anos.inesc.pt\/wp-content\/uploads\/2020\/06\/Evento-INESC-40-anos_Fotos-12.jpg 191w, https:\/\/40anos.inesc.pt\/wp-content\/uploads\/2020\/06\/Evento-INESC-40-anos_Fotos-12-150x150.jpg 150w\" sizes=\"auto, (max-width: 191px) 100vw, 191px\" \/><\/figure>\n\n\n\n<p><strong>Jaime Jorge<\/strong><\/p>\n\n\n\n<p class=\"has-accent-color has-text-color\">Jaime Jorge \u00e9 co-fundador e CEO da empresa Codacy, sobre a qual fez um pitch no Web Summit de 2014 que ganhou o primeiro pr\u00e9mio e influenciou a mudan\u00e7a deste evento para Lisboa. Formou-se em Engenharia Inform\u00e1tica pelo Instituto Superior T\u00e9cnico (IST) e foi Investigador Associado do INESC-ID.<\/p>\n\n\n\n<figure class=\"wp-block-image size-large\"><img loading=\"lazy\" decoding=\"async\" width=\"191\" height=\"191\" src=\"https:\/\/40anos.inesc.pt\/wp-content\/uploads\/2020\/06\/Evento-INESC-40-anos_Fotos-13.jpg\" alt=\"\" class=\"wp-image-142\" srcset=\"https:\/\/40anos.inesc.pt\/wp-content\/uploads\/2020\/06\/Evento-INESC-40-anos_Fotos-13.jpg 191w, https:\/\/40anos.inesc.pt\/wp-content\/uploads\/2020\/06\/Evento-INESC-40-anos_Fotos-13-150x150.jpg 150w\" sizes=\"auto, (max-width: 191px) 100vw, 191px\" \/><\/figure>\n\n\n\n<p><strong>Jo\u00e3o Paulo Neto<\/strong><\/p>\n\n\n\n<p class=\"has-accent-color has-text-color\">Jo\u00e3o Paulo Neto \u00e9 CEO da empresa VoiceInteraction. Doutorado em Engenharia Electrot\u00e9cnica e de Computadores pelo Instituto Superior T\u00e9cnico (IST), onde ocupa desde 1998, o cargo de professor auxiliar. Ingressou no grupo de Redes Neurais e Processamento de Sinais do INESC em 1987, tendo participado em diversos projetos europeus e nacionais. Em 2001, participou na funda\u00e7\u00e3o do laborat\u00f3rio L2F, onde ocupa uma posi\u00e7\u00e3o no Conselho Executivo.<\/p>\n\n\n\n<figure class=\"wp-block-image size-large\"><img loading=\"lazy\" decoding=\"async\" width=\"191\" height=\"191\" src=\"https:\/\/40anos.inesc.pt\/wp-content\/uploads\/2020\/06\/Evento-INESC-40-anos_Fotos-15.jpg\" alt=\"\" class=\"wp-image-143\" srcset=\"https:\/\/40anos.inesc.pt\/wp-content\/uploads\/2020\/06\/Evento-INESC-40-anos_Fotos-15.jpg 191w, https:\/\/40anos.inesc.pt\/wp-content\/uploads\/2020\/06\/Evento-INESC-40-anos_Fotos-15-150x150.jpg 150w\" sizes=\"auto, (max-width: 191px) 100vw, 191px\" \/><\/figure>\n\n\n\n<p><strong>Joaquim S\u00e9rvulo Rodrigues<\/strong><\/p>\n\n\n\n<p class=\"has-accent-color has-text-color\">Joaquim S\u00e9rvulo Rodrigues \u00e9 s\u00f3cio e CEO da Armilar Venture Partners, empresa que fundou em 2000. Mestre em Engenharia El\u00e9trica pelo Instituto Superior T\u00e9cnico (IST), possui MBA pelo INSEAD. Com mais de 16 anos de experi\u00eancia como CEO e Gestor, \u00e9 membro do Conselho de Administra\u00e7\u00e3o de v\u00e1rias empresas. Iniciou a sua carreira como Professor Assistente no IST e, simultaneamente, como investigador no INESC.&nbsp;<\/p>\n\n\n\n<p><br><strong>Comiss\u00e3o Organizadora<\/strong><\/p>\n\n\n\n<p class=\"has-accent-color has-text-color\">Arlindo Oliveira (INESC\/IST) &#8211; Coordenador<\/p>\n\n\n\n<p class=\"has-accent-color has-text-color\">Jos\u00e9 Tribolet (INESC\/IST)<\/p>\n\n\n\n<p class=\"has-accent-color has-text-color\">Paula Dias (INESC)<\/p>\n\n\n\n<p class=\"has-accent-color has-text-color\">Aur\u00e9lia Constantino (INESC ID)<\/p>\n","protected":false},"excerpt":{"rendered":"<p>Lisboa acolheu a segunda sess\u00e3o comemorativa \u201c40 anos de Ci\u00eancia e Conhecimento: a capacidade de cria\u00e7\u00e3o de novas empresas de base tecnol\u00f3gica\u201d. Esta sess\u00e3o decorreu no passado dia 8 de outubro, com os oradores presentes em palco e os participantes a assistir online via Webinar do Zoom. A segunda sess\u00e3o [&hellip;]<\/p>\n","protected":false},"author":1,"featured_media":0,"parent":0,"menu_order":0,"comment_status":"closed","ping_status":"closed","template":"","meta":{"om_disable_all_campaigns":false,"_monsterinsights_skip_tracking":false,"_monsterinsights_sitenote_active":false,"_monsterinsights_sitenote_note":"","_monsterinsights_sitenote_category":0,"_uf_show_specific_survey":0,"_uf_disable_surveys":false,"footnotes":""},"class_list":["post-28","page","type-page","status-publish","hentry"],"aioseo_notices":[],"_links":{"self":[{"href":"https:\/\/40anos.inesc.pt\/index.php?rest_route=\/wp\/v2\/pages\/28","targetHints":{"allow":["GET"]}}],"collection":[{"href":"https:\/\/40anos.inesc.pt\/index.php?rest_route=\/wp\/v2\/pages"}],"about":[{"href":"https:\/\/40anos.inesc.pt\/index.php?rest_route=\/wp\/v2\/types\/page"}],"author":[{"embeddable":true,"href":"https:\/\/40anos.inesc.pt\/index.php?rest_route=\/wp\/v2\/users\/1"}],"replies":[{"embeddable":true,"href":"https:\/\/40anos.inesc.pt\/index.php?rest_route=%2Fwp%2Fv2%2Fcomments&post=28"}],"version-history":[{"count":51,"href":"https:\/\/40anos.inesc.pt\/index.php?rest_route=\/wp\/v2\/pages\/28\/revisions"}],"predecessor-version":[{"id":883,"href":"https:\/\/40anos.inesc.pt\/index.php?rest_route=\/wp\/v2\/pages\/28\/revisions\/883"}],"wp:attachment":[{"href":"https:\/\/40anos.inesc.pt\/index.php?rest_route=%2Fwp%2Fv2%2Fmedia&parent=28"}],"curies":[{"name":"wp","href":"https:\/\/api.w.org\/{rel}","templated":true}]}}